{"id":4836,"date":"2026-09-01T18:52:16","date_gmt":"2026-09-01T16:52:16","guid":{"rendered":"https:\/\/lodzwielukultur.pl\/?post_type=event&#038;p=4836"},"modified":"2026-09-01T18:52:16","modified_gmt":"2026-09-01T16:52:16","slug":"jewish-traces-in-the-city-of-lodz-deaf-culture-week-historical-walk","status":"publish","type":"event","link":"https:\/\/lodzwielukultur.pl\/en\/wydarzenia\/jewish-traces-in-the-city-of-lodz-deaf-culture-week-historical-walk\/","title":{"rendered":"Jewish Traces in the City of \u0141\u00f3d\u017a | Deaf Culture Week | Historical Walk"},"content":{"rendered":"\n<h2 class=\"wp-block-heading\">What?<\/h2>\n\n<p class=\"wp-block-paragraph\">A historical walk through the area surrounding the Marek Edelman Dialogue Centre offers an opportunity to learn about the history of one of the most important memorial sites in modern-day \u0141\u00f3d\u017a. Participants will visit the Park of Survivors and its immediate surroundings, learning about the city\u2019s former residents\u2014including Deaf people\u2014their daily lives, and the tragic events associated with the history of the Litzmannstadt Ghetto. The walk will also shed light on the history of the Dialogue Centre&#8217;s founding and its role as an institution dedicated to historical education, preserving memory, and fostering intercultural dialogue.    <\/p>\n\n<p class=\"wp-block-paragraph\">A unique feature of the event will be the perspective of the tour guide\u2014a Deaf historian who has been promoting history in Polish Sign Language for many years. The tour will be conducted in PJM, allowing participants to experience history in the natural language of the Deaf community and highlighting the importance of accessible historical education. <br\/><\/p>\n\n<h2 class=\"wp-block-heading\">Who?<\/h2>\n\n<p class=\"wp-block-paragraph\"><strong>Tomasz Adam \u015awiderski<\/strong> \u2013 A Deaf historian, genealogist, archivist, and founder of the \u201cSurdus Historicus\u201d Institute of Deaf History. For many years, he has been researching and promoting the history of the Deaf community in Poland by giving lectures, leading historical walking tours, and conducting educational activities in Polish Sign Language (PJM). <br\/><\/p>\n\n<h2 class=\"wp-block-heading\">For Whom?<\/h2>\n\n<p class=\"wp-block-paragraph\">This walking tour is intended for Deaf, hearing, and hard-of-hearing people alike who are interested in the history of \u0141\u00f3d\u017a, the culture of remembrance, and the history of the Jewish and Deaf communities. It\u2019s an opportunity for anyone who wants to see familiar places from a new perspective and discover how linguistic accessibility can change the way stories are told. <br\/><\/p>\n\n<h2 class=\"wp-block-heading\">Why is it worth it?<\/h2>\n\n<p class=\"wp-block-paragraph\">The walk \u201cJewish Traces in the City of \u0141\u00f3d\u017a\u201d shows that multicultural heritage can also be explored through the diversity of ways in which it is told. The perspective of the Deaf historian adds a new dimension to familiar places, drawing attention both to the importance of accessibility and to the stories of groups that have remained less visible in official narratives over the years. This event encourages participants to look more closely at the city\u2019s spaces and to reflect on how memory can be constructed in an open and inclusive way.  <br\/><\/p>\n\n<p class=\"wp-block-paragraph\"><strong>Accompanying event. Co-funded by the Minister of Culture and National Heritage as part of the \u201cLinguistic Diversity\u201d grant program of the Institute for Linguistic Diversity of the Republic of Poland.  <\/strong><\/p>\n\n<figure class=\"wp-block-image size-large is-resized\"><img fetchpriority=\"high\" decoding=\"async\" width=\"1024\" height=\"288\" src=\"https:\/\/lodzwielukultur.pl\/wp-content\/uploads\/2026\/08\/logo_MKiDN-1024x288.png\" alt=\"logo MKiDN\" class=\"wp-image-4744\" style=\"width:278px;height:auto\" srcset=\"https:\/\/lodzwielukultur.pl\/wp-content\/uploads\/2026\/08\/logo_MKiDN-1024x288.png 1024w, https:\/\/lodzwielukultur.pl\/wp-content\/uploads\/2026\/08\/logo_MKiDN-300x84.png 300w, https:\/\/lodzwielukultur.pl\/wp-content\/uploads\/2026\/08\/logo_MKiDN-768x216.png 768w, https:\/\/lodzwielukultur.pl\/wp-content\/uploads\/2026\/08\/logo_MKiDN-640x180.png 640w, https:\/\/lodzwielukultur.pl\/wp-content\/uploads\/2026\/08\/logo_MKiDN-580x163.png 580w, https:\/\/lodzwielukultur.pl\/wp-content\/uploads\/2026\/08\/logo_MKiDN-860x242.png 860w, https:\/\/lodzwielukultur.pl\/wp-content\/uploads\/2026\/08\/logo_MKiDN.png 1536w\" sizes=\"(max-width: 1024px) 100vw, 1024px\" \/><\/figure>\n\n<figure class=\"wp-block-image size-large is-resized\"><img decoding=\"async\" width=\"1024\" height=\"363\" src=\"https:\/\/lodzwielukultur.pl\/wp-content\/uploads\/2026\/08\/IRJR_logo_screen_pos_col_hor-1024x363.png\" alt=\"Logo IRJR\" class=\"wp-image-4746\" style=\"aspect-ratio:2.821010652253765;width:277px;height:auto\" srcset=\"https:\/\/lodzwielukultur.pl\/wp-content\/uploads\/2026\/08\/IRJR_logo_screen_pos_col_hor-1024x363.png 1024w, https:\/\/lodzwielukultur.pl\/wp-content\/uploads\/2026\/08\/IRJR_logo_screen_pos_col_hor-300x106.png 300w, https:\/\/lodzwielukultur.pl\/wp-content\/uploads\/2026\/08\/IRJR_logo_screen_pos_col_hor-768x272.png 768w, https:\/\/lodzwielukultur.pl\/wp-content\/uploads\/2026\/08\/IRJR_logo_screen_pos_col_hor-1536x545.png 1536w, https:\/\/lodzwielukultur.pl\/wp-content\/uploads\/2026\/08\/IRJR_logo_screen_pos_col_hor-2048x726.png 2048w, https:\/\/lodzwielukultur.pl\/wp-content\/uploads\/2026\/08\/IRJR_logo_screen_pos_col_hor-640x227.png 640w, https:\/\/lodzwielukultur.pl\/wp-content\/uploads\/2026\/08\/IRJR_logo_screen_pos_col_hor-580x206.png 580w, https:\/\/lodzwielukultur.pl\/wp-content\/uploads\/2026\/08\/IRJR_logo_screen_pos_col_hor-860x305.png 860w\" sizes=\"(max-width: 1024px) 100vw, 1024px\" \/><\/figure>\n\n<hr class=\"wp-block-separator has-alpha-channel-opacity\"\/>\n\n<h3 class=\"wp-block-heading\">Availability<\/h3>\n\n<p class=\"wp-block-paragraph\">The tour will be conducted in Polish Sign Language with interpretation between PJM and spoken language, making it accessible to both Deaf and hearing participants. Portable induction loops will be available for people with hearing impairments.  <\/p>\n\n<p class=\"wp-block-paragraph\">The walk will take place in the Survivors&#8217; Park.<\/p>\n\n<p class=\"wp-block-paragraph\">Photos: Tomasz \u015awiderski, press materials. <\/p>\n\n<p class=\"wp-block-paragraph\"><\/p>\n","protected":false},"excerpt":{"rendered":"<p>What? A historical walk through the area surrounding the Marek Edelman Dialogue Centre offers an opportunity to learn about the history of one of the most important memorial sites in modern-day \u0141\u00f3d\u017a. Participants will visit the Park of Survivors and its immediate surroundings, learning about the city\u2019s former residents\u2014including Deaf people\u2014their daily lives, and the [&hellip;]<\/p>\n","protected":false},"featured_media":4893,"template":"","meta":{"_acf_changed":false,"inline_featured_image":false},"categories":[18,25],"class_list":["post-4836","event","type-event","status-publish","has-post-thumbnail","hentry","category-meetings","category-pjm-en"],"acf":[],"yoast_head":"<!-- This site is optimized with the Yoast SEO plugin v28.0 - https:\/\/yoast.com\/product\/yoast-seo-wordpress\/ -->\n<title>Jewish Traces in the City of \u0141\u00f3d\u017a | Deaf Culture Week | Historical Walk - Festiwal<\/title>\n<meta name=\"description\" content=\"A historical walk through the area surrounding the Marek Edelman Dialogue Centre is an opportunity to learn about the history of one of \u0141\u00f3d\u017a\u2019s most important memorial sites.\" \/>\n<meta name=\"robots\" content=\"index, follow, max-snippet:-1, max-image-preview:large, max-video-preview:-1\" \/>\n<link rel=\"canonical\" href=\"https:\/\/lodzwielukultur.pl\/en\/wydarzenia\/jewish-traces-in-the-city-of-lodz-deaf-culture-week-historical-walk\/\" \/>\n<meta property=\"og:locale\" content=\"en_US\" \/>\n<meta property=\"og:type\" content=\"article\" \/>\n<meta property=\"og:title\" content=\"Jewish Traces in the City of \u0141\u00f3d\u017a | Deaf Culture Week | Historical Walk - Festiwal\" \/>\n<meta property=\"og:description\" content=\"A historical walk through the area surrounding the Marek Edelman Dialogue Centre is an opportunity to learn about the history of one of \u0141\u00f3d\u017a\u2019s most important memorial sites.\" \/>\n<meta property=\"og:url\" content=\"https:\/\/lodzwielukultur.pl\/en\/wydarzenia\/jewish-traces-in-the-city-of-lodz-deaf-culture-week-historical-walk\/\" \/>\n<meta property=\"og:site_name\" content=\"Festiwal\" \/>\n<meta property=\"og:image\" content=\"https:\/\/lodzwielukultur.pl\/wp-content\/uploads\/2026\/08\/Swiderski.jpg\" \/>\n\t<meta property=\"og:image:width\" content=\"1080\" \/>\n\t<meta property=\"og:image:height\" content=\"1080\" \/>\n\t<meta property=\"og:image:type\" content=\"image\/jpeg\" \/>\n<meta name=\"twitter:card\" content=\"summary_large_image\" \/>\n<meta name=\"twitter:label1\" content=\"Est. reading time\" \/>\n\t<meta name=\"twitter:data1\" content=\"2 minutes\" \/>\n<script type=\"application\/ld+json\" class=\"yoast-schema-graph\">{\"@context\":\"https:\\\/\\\/schema.org\",\"@graph\":[{\"@type\":\"WebPage\",\"@id\":\"https:\\\/\\\/lodzwielukultur.pl\\\/en\\\/wydarzenia\\\/jewish-traces-in-the-city-of-lodz-deaf-culture-week-historical-walk\\\/\",\"url\":\"https:\\\/\\\/lodzwielukultur.pl\\\/en\\\/wydarzenia\\\/jewish-traces-in-the-city-of-lodz-deaf-culture-week-historical-walk\\\/\",\"name\":\"Jewish Traces in the City of \u0141\u00f3d\u017a | Deaf Culture Week | Historical Walk - Festiwal\",\"isPartOf\":{\"@id\":\"https:\\\/\\\/lodzwielukultur.pl\\\/#website\"},\"primaryImageOfPage\":{\"@id\":\"https:\\\/\\\/lodzwielukultur.pl\\\/en\\\/wydarzenia\\\/jewish-traces-in-the-city-of-lodz-deaf-culture-week-historical-walk\\\/#primaryimage\"},\"image\":{\"@id\":\"https:\\\/\\\/lodzwielukultur.pl\\\/en\\\/wydarzenia\\\/jewish-traces-in-the-city-of-lodz-deaf-culture-week-historical-walk\\\/#primaryimage\"},\"thumbnailUrl\":\"https:\\\/\\\/lodzwielukultur.pl\\\/wp-content\\\/uploads\\\/2026\\\/08\\\/Swiderski.jpg\",\"datePublished\":\"2026-09-01T16:52:16+00:00\",\"description\":\"A historical walk through the area surrounding the Marek Edelman Dialogue Centre is an opportunity to learn about the history of one of \u0141\u00f3d\u017a\u2019s most important memorial sites.\",\"breadcrumb\":{\"@id\":\"https:\\\/\\\/lodzwielukultur.pl\\\/en\\\/wydarzenia\\\/jewish-traces-in-the-city-of-lodz-deaf-culture-week-historical-walk\\\/#breadcrumb\"},\"inLanguage\":\"en-US\",\"potentialAction\":[{\"@type\":\"ReadAction\",\"target\":[\"https:\\\/\\\/lodzwielukultur.pl\\\/en\\\/wydarzenia\\\/jewish-traces-in-the-city-of-lodz-deaf-culture-week-historical-walk\\\/\"]}]},{\"@type\":\"ImageObject\",\"inLanguage\":\"en-US\",\"@id\":\"https:\\\/\\\/lodzwielukultur.pl\\\/en\\\/wydarzenia\\\/jewish-traces-in-the-city-of-lodz-deaf-culture-week-historical-walk\\\/#primaryimage\",\"url\":\"https:\\\/\\\/lodzwielukultur.pl\\\/wp-content\\\/uploads\\\/2026\\\/08\\\/Swiderski.jpg\",\"contentUrl\":\"https:\\\/\\\/lodzwielukultur.pl\\\/wp-content\\\/uploads\\\/2026\\\/08\\\/Swiderski.jpg\",\"width\":1080,\"height\":1080,\"caption\":\"Portret m\u0142odego m\u0119\u017cczyzny w okularach, bia\u0142ej koszuli i marynarce\"},{\"@type\":\"BreadcrumbList\",\"@id\":\"https:\\\/\\\/lodzwielukultur.pl\\\/en\\\/wydarzenia\\\/jewish-traces-in-the-city-of-lodz-deaf-culture-week-historical-walk\\\/#breadcrumb\",\"itemListElement\":[{\"@type\":\"ListItem\",\"position\":1,\"name\":\"Strona g\u0142\u00f3wna\",\"item\":\"https:\\\/\\\/lodzwielukultur.pl\\\/en\\\/\"},{\"@type\":\"ListItem\",\"position\":2,\"name\":\"Jewish Traces in the City of \u0141\u00f3d\u017a | Deaf Culture Week | Historical Walk\"}]},{\"@type\":\"WebSite\",\"@id\":\"https:\\\/\\\/lodzwielukultur.pl\\\/#website\",\"url\":\"https:\\\/\\\/lodzwielukultur.pl\\\/\",\"name\":\"Festiwal\",\"description\":\"\u0141\u00f3d\u017a Wielu Kultur\",\"publisher\":{\"@id\":\"https:\\\/\\\/lodzwielukultur.pl\\\/#organization\"},\"potentialAction\":[{\"@type\":\"SearchAction\",\"target\":{\"@type\":\"EntryPoint\",\"urlTemplate\":\"https:\\\/\\\/lodzwielukultur.pl\\\/?s={search_term_string}\"},\"query-input\":{\"@type\":\"PropertyValueSpecification\",\"valueRequired\":true,\"valueName\":\"search_term_string\"}}],\"inLanguage\":\"en-US\"},{\"@type\":\"Organization\",\"@id\":\"https:\\\/\\\/lodzwielukultur.pl\\\/#organization\",\"name\":\"Festiwal\",\"url\":\"https:\\\/\\\/lodzwielukultur.pl\\\/\",\"logo\":{\"@type\":\"ImageObject\",\"inLanguage\":\"en-US\",\"@id\":\"https:\\\/\\\/lodzwielukultur.pl\\\/#\\\/schema\\\/logo\\\/image\\\/\",\"url\":\"https:\\\/\\\/lodzwielukultur.pl\\\/wp-content\\\/uploads\\\/2024\\\/06\\\/logotype-1.svg\",\"contentUrl\":\"https:\\\/\\\/lodzwielukultur.pl\\\/wp-content\\\/uploads\\\/2024\\\/06\\\/logotype-1.svg\",\"width\":\"1024\",\"height\":\"1024\",\"caption\":\"Festiwal\"},\"image\":{\"@id\":\"https:\\\/\\\/lodzwielukultur.pl\\\/#\\\/schema\\\/logo\\\/image\\\/\"}}]}<\/script>\n<!-- \/ Yoast SEO plugin. -->","yoast_head_json":{"title":"Jewish Traces in the City of \u0141\u00f3d\u017a | Deaf Culture Week | Historical Walk - Festiwal","description":"A historical walk through the area surrounding the Marek Edelman Dialogue Centre is an opportunity to learn about the history of one of \u0141\u00f3d\u017a\u2019s most important memorial sites.","robots":{"index":"index","follow":"follow","max-snippet":"max-snippet:-1","max-image-preview":"max-image-preview:large","max-video-preview":"max-video-preview:-1"},"canonical":"https:\/\/lodzwielukultur.pl\/en\/wydarzenia\/jewish-traces-in-the-city-of-lodz-deaf-culture-week-historical-walk\/","og_locale":"en_US","og_type":"article","og_title":"Jewish Traces in the City of \u0141\u00f3d\u017a | Deaf Culture Week | Historical Walk - Festiwal","og_description":"A historical walk through the area surrounding the Marek Edelman Dialogue Centre is an opportunity to learn about the history of one of \u0141\u00f3d\u017a\u2019s most important memorial sites.","og_url":"https:\/\/lodzwielukultur.pl\/en\/wydarzenia\/jewish-traces-in-the-city-of-lodz-deaf-culture-week-historical-walk\/","og_site_name":"Festiwal","og_image":[{"width":1080,"height":1080,"url":"https:\/\/lodzwielukultur.pl\/wp-content\/uploads\/2026\/08\/Swiderski.jpg","type":"image\/jpeg"}],"twitter_card":"summary_large_image","twitter_misc":{"Est. reading time":"2 minutes"},"schema":{"@context":"https:\/\/schema.org","@graph":[{"@type":"WebPage","@id":"https:\/\/lodzwielukultur.pl\/en\/wydarzenia\/jewish-traces-in-the-city-of-lodz-deaf-culture-week-historical-walk\/","url":"https:\/\/lodzwielukultur.pl\/en\/wydarzenia\/jewish-traces-in-the-city-of-lodz-deaf-culture-week-historical-walk\/","name":"Jewish Traces in the City of \u0141\u00f3d\u017a | Deaf Culture Week | Historical Walk - Festiwal","isPartOf":{"@id":"https:\/\/lodzwielukultur.pl\/#website"},"primaryImageOfPage":{"@id":"https:\/\/lodzwielukultur.pl\/en\/wydarzenia\/jewish-traces-in-the-city-of-lodz-deaf-culture-week-historical-walk\/#primaryimage"},"image":{"@id":"https:\/\/lodzwielukultur.pl\/en\/wydarzenia\/jewish-traces-in-the-city-of-lodz-deaf-culture-week-historical-walk\/#primaryimage"},"thumbnailUrl":"https:\/\/lodzwielukultur.pl\/wp-content\/uploads\/2026\/08\/Swiderski.jpg","datePublished":"2026-09-01T16:52:16+00:00","description":"A historical walk through the area surrounding the Marek Edelman Dialogue Centre is an opportunity to learn about the history of one of \u0141\u00f3d\u017a\u2019s most important memorial sites.","breadcrumb":{"@id":"https:\/\/lodzwielukultur.pl\/en\/wydarzenia\/jewish-traces-in-the-city-of-lodz-deaf-culture-week-historical-walk\/#breadcrumb"},"inLanguage":"en-US","potentialAction":[{"@type":"ReadAction","target":["https:\/\/lodzwielukultur.pl\/en\/wydarzenia\/jewish-traces-in-the-city-of-lodz-deaf-culture-week-historical-walk\/"]}]},{"@type":"ImageObject","inLanguage":"en-US","@id":"https:\/\/lodzwielukultur.pl\/en\/wydarzenia\/jewish-traces-in-the-city-of-lodz-deaf-culture-week-historical-walk\/#primaryimage","url":"https:\/\/lodzwielukultur.pl\/wp-content\/uploads\/2026\/08\/Swiderski.jpg","contentUrl":"https:\/\/lodzwielukultur.pl\/wp-content\/uploads\/2026\/08\/Swiderski.jpg","width":1080,"height":1080,"caption":"Portret m\u0142odego m\u0119\u017cczyzny w okularach, bia\u0142ej koszuli i marynarce"},{"@type":"BreadcrumbList","@id":"https:\/\/lodzwielukultur.pl\/en\/wydarzenia\/jewish-traces-in-the-city-of-lodz-deaf-culture-week-historical-walk\/#breadcrumb","itemListElement":[{"@type":"ListItem","position":1,"name":"Strona g\u0142\u00f3wna","item":"https:\/\/lodzwielukultur.pl\/en\/"},{"@type":"ListItem","position":2,"name":"Jewish Traces in the City of \u0141\u00f3d\u017a | Deaf Culture Week | Historical Walk"}]},{"@type":"WebSite","@id":"https:\/\/lodzwielukultur.pl\/#website","url":"https:\/\/lodzwielukultur.pl\/","name":"Festiwal","description":"\u0141\u00f3d\u017a Wielu Kultur","publisher":{"@id":"https:\/\/lodzwielukultur.pl\/#organization"},"potentialAction":[{"@type":"SearchAction","target":{"@type":"EntryPoint","urlTemplate":"https:\/\/lodzwielukultur.pl\/?s={search_term_string}"},"query-input":{"@type":"PropertyValueSpecification","valueRequired":true,"valueName":"search_term_string"}}],"inLanguage":"en-US"},{"@type":"Organization","@id":"https:\/\/lodzwielukultur.pl\/#organization","name":"Festiwal","url":"https:\/\/lodzwielukultur.pl\/","logo":{"@type":"ImageObject","inLanguage":"en-US","@id":"https:\/\/lodzwielukultur.pl\/#\/schema\/logo\/image\/","url":"https:\/\/lodzwielukultur.pl\/wp-content\/uploads\/2024\/06\/logotype-1.svg","contentUrl":"https:\/\/lodzwielukultur.pl\/wp-content\/uploads\/2024\/06\/logotype-1.svg","width":"1024","height":"1024","caption":"Festiwal"},"image":{"@id":"https:\/\/lodzwielukultur.pl\/#\/schema\/logo\/image\/"}}]}},"_links":{"self":[{"href":"https:\/\/lodzwielukultur.pl\/en\/wp-json\/wp\/v2\/event\/4836","targetHints":{"allow":["GET"]}}],"collection":[{"href":"https:\/\/lodzwielukultur.pl\/en\/wp-json\/wp\/v2\/event"}],"about":[{"href":"https:\/\/lodzwielukultur.pl\/en\/wp-json\/wp\/v2\/types\/event"}],"wp:featuredmedia":[{"embeddable":true,"href":"https:\/\/lodzwielukultur.pl\/en\/wp-json\/wp\/v2\/media\/4893"}],"wp:attachment":[{"href":"https:\/\/lodzwielukultur.pl\/en\/wp-json\/wp\/v2\/media?parent=4836"}],"wp:term":[{"taxonomy":"category","embeddable":true,"href":"https:\/\/lodzwielukultur.pl\/en\/wp-json\/wp\/v2\/categories?post=4836"}],"curies":[{"name":"wp","href":"https:\/\/api.w.org\/{rel}","templated":true}]}}