{"id":4837,"date":"2026-09-01T18:49:23","date_gmt":"2026-09-01T16:49:23","guid":{"rendered":"https:\/\/lodzwielukultur.pl\/?post_type=event&#038;p=4837"},"modified":"2026-09-01T18:49:23","modified_gmt":"2026-09-01T16:49:23","slug":"being-a-deaf-woman-and-an-artist-deaf-culture-week-meeting","status":"publish","type":"event","link":"https:\/\/lodzwielukultur.pl\/en\/wydarzenia\/being-a-deaf-woman-and-an-artist-deaf-culture-week-meeting\/","title":{"rendered":"Being a Deaf Woman and an Artist | Deaf Culture Week | meeting"},"content":{"rendered":"\n<h2 class=\"wp-block-heading\">What?<\/h2>\n\n<p class=\"wp-block-paragraph\">A discussion focused on the experiences of Deaf women who are actively involved in the arts and culture. During the conversation, the participants will talk about their creative journeys, sources of inspiration, and how Deaf language, identity, and culture influence their artistic practice. It will also be an opportunity to discuss the representation of Deaf people in culture, the accessibility of institutions, and the barriers faced by artists who navigate the worlds of the Deaf and the hearing.   <\/p>\n\n<p class=\"wp-block-paragraph\">The discussion will also address issues such as the presence of women in the art world, mutual support, professional development, and the importance of arts education for young Deaf people. The event will take the form of an open conversation with audience participation, creating a space for sharing experiences and asking questions.  <\/p>\n\n<h2 class=\"wp-block-heading\">Who?<\/h2>\n\n<p class=\"wp-block-paragraph\">Taking part in the meeting will be:<\/p>\n\n<p class=\"wp-block-paragraph\"><strong>Dominika Koz\u0142owska<\/strong>\u2014a deaf actress, a graduate of the Acting School in Wroc\u0142aw, and a full-time actress at the Juliusz S\u0142owacki Theater in Krak\u00f3w.  <\/p>\n\n<p class=\"wp-block-paragraph\"><strong>Edyta Kozub<\/strong>\u2014a deaf actress and artist specializing in Visual Vernacular, and a Polish Sign Language instructor at the University of Warsaw. She performs on stages in Poland and abroad.  <\/p>\n\n<p class=\"wp-block-paragraph\"><strong>Kinga Ho\u0142da-Justycka<\/strong>\u2014artist, graphic designer, and photographer; exhibition and education specialist at the Katowice City of Gardens Gallery; graduate of the Academy of Fine Arts in Katowice.  <\/p>\n\n<p class=\"wp-block-paragraph\">Led by: <\/p>\n\n<p class=\"wp-block-paragraph\"><strong>Dr. Agnieszka Ko\u0142odziejczak<\/strong>\u2014art historian, graduate of the Academy of Fine Arts in \u0141\u00f3d\u017a and the University of \u0141\u00f3d\u017a, Ph.D. in the humanities, research assistant in the Department of the History of Painting and Sculpture at the University of \u0141\u00f3d\u017a. Project specialist at the FIDEES Social Ideas Foundation and vice president of the Uciele\u015bnienie Foundation.   <\/p>\n\n<h2 class=\"wp-block-heading\">For Whom?<\/h2>\n\n<p class=\"wp-block-paragraph\">The event is open to both Deaf and hearing people\u2014to anyone interested in contemporary art, cultural accessibility, Deaf studies, and the role of women in the arts. It is an opportunity for those who want to better understand diverse creative experiences and discover how language and identity influence the way people create and participate in culture. <\/p>\n\n<h2 class=\"wp-block-heading\">Why is it worth it?<\/h2>\n\n<p class=\"wp-block-paragraph\">The \u0141\u00f3d\u017a of Many Cultures Festival explores the world through a diversity of experiences, languages, and perspectives. The event \u201cBeing a Deaf Woman and Artist\u201d expands on this idea, drawing attention to voices that are still too rarely heard in mainstream cultural life. This is an opportunity to explore the work and experiences of artists operating at the intersection of different linguistic and cultural worlds, and to reflect on how to build a culture that is more open, accessible, and representative. As an accompanying event to the festival, it expands its program to include an important dimension related to accessibility and inclusivity, reminding us that multiculturalism also encompasses a diversity of ways of communicating and participating in social life.   <\/p>\n\n<p class=\"wp-block-paragraph\"><strong>Accompanying event. Co-funded by the Minister of Culture and National Heritage as part of the \u201cLinguistic Diversity\u201d grant program of the Institute for Linguistic Diversity of the Republic of Poland. <\/strong> <\/p>\n\n<figure class=\"wp-block-image size-large is-resized\"><img fetchpriority=\"high\" decoding=\"async\" width=\"1024\" height=\"288\" src=\"https:\/\/lodzwielukultur.pl\/wp-content\/uploads\/2026\/08\/logo_MKiDN-1024x288.png\" alt=\"logo MKiDN\" class=\"wp-image-4744\" style=\"width:278px;height:auto\" srcset=\"https:\/\/lodzwielukultur.pl\/wp-content\/uploads\/2026\/08\/logo_MKiDN-1024x288.png 1024w, https:\/\/lodzwielukultur.pl\/wp-content\/uploads\/2026\/08\/logo_MKiDN-300x84.png 300w, https:\/\/lodzwielukultur.pl\/wp-content\/uploads\/2026\/08\/logo_MKiDN-768x216.png 768w, https:\/\/lodzwielukultur.pl\/wp-content\/uploads\/2026\/08\/logo_MKiDN-640x180.png 640w, https:\/\/lodzwielukultur.pl\/wp-content\/uploads\/2026\/08\/logo_MKiDN-580x163.png 580w, https:\/\/lodzwielukultur.pl\/wp-content\/uploads\/2026\/08\/logo_MKiDN-860x242.png 860w, https:\/\/lodzwielukultur.pl\/wp-content\/uploads\/2026\/08\/logo_MKiDN.png 1536w\" sizes=\"(max-width: 1024px) 100vw, 1024px\" \/><\/figure>\n\n<figure class=\"wp-block-image size-large is-resized\"><img decoding=\"async\" width=\"1024\" height=\"363\" src=\"https:\/\/lodzwielukultur.pl\/wp-content\/uploads\/2026\/08\/IRJR_logo_screen_pos_col_hor-1024x363.png\" alt=\"Logo IRJR\" class=\"wp-image-4746\" style=\"aspect-ratio:2.821010652253765;width:277px;height:auto\" srcset=\"https:\/\/lodzwielukultur.pl\/wp-content\/uploads\/2026\/08\/IRJR_logo_screen_pos_col_hor-1024x363.png 1024w, https:\/\/lodzwielukultur.pl\/wp-content\/uploads\/2026\/08\/IRJR_logo_screen_pos_col_hor-300x106.png 300w, https:\/\/lodzwielukultur.pl\/wp-content\/uploads\/2026\/08\/IRJR_logo_screen_pos_col_hor-768x272.png 768w, https:\/\/lodzwielukultur.pl\/wp-content\/uploads\/2026\/08\/IRJR_logo_screen_pos_col_hor-1536x545.png 1536w, https:\/\/lodzwielukultur.pl\/wp-content\/uploads\/2026\/08\/IRJR_logo_screen_pos_col_hor-2048x726.png 2048w, https:\/\/lodzwielukultur.pl\/wp-content\/uploads\/2026\/08\/IRJR_logo_screen_pos_col_hor-640x227.png 640w, https:\/\/lodzwielukultur.pl\/wp-content\/uploads\/2026\/08\/IRJR_logo_screen_pos_col_hor-580x206.png 580w, https:\/\/lodzwielukultur.pl\/wp-content\/uploads\/2026\/08\/IRJR_logo_screen_pos_col_hor-860x305.png 860w\" sizes=\"(max-width: 1024px) 100vw, 1024px\" \/><\/figure>\n\n<hr class=\"wp-block-separator has-alpha-channel-opacity\"\/>\n\n<h3 class=\"wp-block-heading\">Availability<\/h3>\n\n<p class=\"wp-block-paragraph\">The meeting will be interpreted from Polish Sign Language into spoken language and from spoken language into Polish Sign Language (PJM), making it accessible to both Deaf and hearing people. <\/p>\n\n<p class=\"wp-block-paragraph\">The event will take place at the Center for Dialogue in the theater and theater hall, which is equipped with an induction loop. The Center for Dialogue building is accessible to people with mobility impairments. It has wide, non-automatic entrance doors, an accessible restroom, and an elevator. The theater hall is located on the ground floor, has a ramp, and the auditorium includes spaces for people in wheelchairs. In front of the building, there is a large parking lot with marked spaces for people with disabilities. Assistance dogs and guide dogs are welcome both inside the building and in the auditorium. The building is equipped with the ToTuPoint audio navigation system. The entrance to the parking lot is on Wojska Polskiego Street. Nearby bus and tram stops include: Wojska Polskiego\/Centrum Dialogu and Wojska Polskiego\/Sporna.        <\/p>\n\n<p class=\"wp-block-paragraph\">Photos: <strong>Dominika Koz\u0142owska, Edyta Kozub, Kinga Ho\u0142da-Justycka<\/strong>, press materials. <\/p>\n\n<p class=\"wp-block-paragraph\"><\/p>\n","protected":false},"excerpt":{"rendered":"<p>On September 27, we invite you to a meeting focused on the experiences of Deaf women who are actively involved in the arts and culture. Accompanying event. <\/p>\n","protected":false},"featured_media":4770,"template":"","meta":{"_acf_changed":false,"inline_featured_image":false},"categories":[18,25],"class_list":["post-4837","event","type-event","status-publish","has-post-thumbnail","hentry","category-meetings","category-pjm-en"],"acf":[],"yoast_head":"<!-- This site is optimized with the Yoast SEO plugin v28.0 - https:\/\/yoast.com\/product\/yoast-seo-wordpress\/ -->\n<title>Being a Deaf Woman and an Artist | Deaf Culture Week | meeting - Festiwal<\/title>\n<meta name=\"description\" content=\"\u201cBeing a Deaf Woman and an Artist\u201d is a discussion focused on the experiences of Deaf women who are actively involved in the arts and culture.\" \/>\n<meta name=\"robots\" content=\"index, follow, max-snippet:-1, max-image-preview:large, max-video-preview:-1\" \/>\n<link rel=\"canonical\" href=\"https:\/\/lodzwielukultur.pl\/en\/wydarzenia\/being-a-deaf-woman-and-an-artist-deaf-culture-week-meeting\/\" \/>\n<meta property=\"og:locale\" content=\"en_US\" \/>\n<meta property=\"og:type\" content=\"article\" \/>\n<meta property=\"og:title\" content=\"Being a Deaf Woman and an Artist | Deaf Culture Week | meeting - Festiwal\" \/>\n<meta property=\"og:description\" content=\"\u201cBeing a Deaf Woman and an Artist\u201d is a discussion focused on the experiences of Deaf women who are actively involved in the arts and culture.\" \/>\n<meta property=\"og:url\" content=\"https:\/\/lodzwielukultur.pl\/en\/wydarzenia\/being-a-deaf-woman-and-an-artist-deaf-culture-week-meeting\/\" \/>\n<meta property=\"og:site_name\" content=\"Festiwal\" \/>\n<meta property=\"og:image\" content=\"https:\/\/lodzwielukultur.pl\/wp-content\/uploads\/2026\/08\/Kobiety_Artystki-1.jpg\" \/>\n\t<meta property=\"og:image:width\" content=\"1080\" \/>\n\t<meta property=\"og:image:height\" content=\"1080\" \/>\n\t<meta property=\"og:image:type\" content=\"image\/jpeg\" \/>\n<meta name=\"twitter:card\" content=\"summary_large_image\" \/>\n<meta name=\"twitter:label1\" content=\"Est. reading time\" \/>\n\t<meta name=\"twitter:data1\" content=\"3 minutes\" \/>\n<script type=\"application\/ld+json\" class=\"yoast-schema-graph\">{\"@context\":\"https:\\\/\\\/schema.org\",\"@graph\":[{\"@type\":\"WebPage\",\"@id\":\"https:\\\/\\\/lodzwielukultur.pl\\\/en\\\/wydarzenia\\\/being-a-deaf-woman-and-an-artist-deaf-culture-week-meeting\\\/\",\"url\":\"https:\\\/\\\/lodzwielukultur.pl\\\/en\\\/wydarzenia\\\/being-a-deaf-woman-and-an-artist-deaf-culture-week-meeting\\\/\",\"name\":\"Being a Deaf Woman and an Artist | Deaf Culture Week | meeting - Festiwal\",\"isPartOf\":{\"@id\":\"https:\\\/\\\/lodzwielukultur.pl\\\/#website\"},\"primaryImageOfPage\":{\"@id\":\"https:\\\/\\\/lodzwielukultur.pl\\\/en\\\/wydarzenia\\\/being-a-deaf-woman-and-an-artist-deaf-culture-week-meeting\\\/#primaryimage\"},\"image\":{\"@id\":\"https:\\\/\\\/lodzwielukultur.pl\\\/en\\\/wydarzenia\\\/being-a-deaf-woman-and-an-artist-deaf-culture-week-meeting\\\/#primaryimage\"},\"thumbnailUrl\":\"https:\\\/\\\/lodzwielukultur.pl\\\/wp-content\\\/uploads\\\/2026\\\/08\\\/Kobiety_Artystki-1.jpg\",\"datePublished\":\"2026-09-01T16:49:23+00:00\",\"description\":\"\u201cBeing a Deaf Woman and an Artist\u201d is a discussion focused on the experiences of Deaf women who are actively involved in the arts and culture.\",\"breadcrumb\":{\"@id\":\"https:\\\/\\\/lodzwielukultur.pl\\\/en\\\/wydarzenia\\\/being-a-deaf-woman-and-an-artist-deaf-culture-week-meeting\\\/#breadcrumb\"},\"inLanguage\":\"en-US\",\"potentialAction\":[{\"@type\":\"ReadAction\",\"target\":[\"https:\\\/\\\/lodzwielukultur.pl\\\/en\\\/wydarzenia\\\/being-a-deaf-woman-and-an-artist-deaf-culture-week-meeting\\\/\"]}]},{\"@type\":\"ImageObject\",\"inLanguage\":\"en-US\",\"@id\":\"https:\\\/\\\/lodzwielukultur.pl\\\/en\\\/wydarzenia\\\/being-a-deaf-woman-and-an-artist-deaf-culture-week-meeting\\\/#primaryimage\",\"url\":\"https:\\\/\\\/lodzwielukultur.pl\\\/wp-content\\\/uploads\\\/2026\\\/08\\\/Kobiety_Artystki-1.jpg\",\"contentUrl\":\"https:\\\/\\\/lodzwielukultur.pl\\\/wp-content\\\/uploads\\\/2026\\\/08\\\/Kobiety_Artystki-1.jpg\",\"width\":1080,\"height\":1080,\"caption\":\"Portety trzech kobiet z etykiet\u0105 Tydzie\u0144 Kultury G\u0142uchych\"},{\"@type\":\"BreadcrumbList\",\"@id\":\"https:\\\/\\\/lodzwielukultur.pl\\\/en\\\/wydarzenia\\\/being-a-deaf-woman-and-an-artist-deaf-culture-week-meeting\\\/#breadcrumb\",\"itemListElement\":[{\"@type\":\"ListItem\",\"position\":1,\"name\":\"Strona g\u0142\u00f3wna\",\"item\":\"https:\\\/\\\/lodzwielukultur.pl\\\/en\\\/\"},{\"@type\":\"ListItem\",\"position\":2,\"name\":\"Being a Deaf Woman and an Artist | Deaf Culture Week | meeting\"}]},{\"@type\":\"WebSite\",\"@id\":\"https:\\\/\\\/lodzwielukultur.pl\\\/#website\",\"url\":\"https:\\\/\\\/lodzwielukultur.pl\\\/\",\"name\":\"Festiwal\",\"description\":\"\u0141\u00f3d\u017a Wielu Kultur\",\"publisher\":{\"@id\":\"https:\\\/\\\/lodzwielukultur.pl\\\/#organization\"},\"potentialAction\":[{\"@type\":\"SearchAction\",\"target\":{\"@type\":\"EntryPoint\",\"urlTemplate\":\"https:\\\/\\\/lodzwielukultur.pl\\\/?s={search_term_string}\"},\"query-input\":{\"@type\":\"PropertyValueSpecification\",\"valueRequired\":true,\"valueName\":\"search_term_string\"}}],\"inLanguage\":\"en-US\"},{\"@type\":\"Organization\",\"@id\":\"https:\\\/\\\/lodzwielukultur.pl\\\/#organization\",\"name\":\"Festiwal\",\"url\":\"https:\\\/\\\/lodzwielukultur.pl\\\/\",\"logo\":{\"@type\":\"ImageObject\",\"inLanguage\":\"en-US\",\"@id\":\"https:\\\/\\\/lodzwielukultur.pl\\\/#\\\/schema\\\/logo\\\/image\\\/\",\"url\":\"https:\\\/\\\/lodzwielukultur.pl\\\/wp-content\\\/uploads\\\/2024\\\/06\\\/logotype-1.svg\",\"contentUrl\":\"https:\\\/\\\/lodzwielukultur.pl\\\/wp-content\\\/uploads\\\/2024\\\/06\\\/logotype-1.svg\",\"width\":\"1024\",\"height\":\"1024\",\"caption\":\"Festiwal\"},\"image\":{\"@id\":\"https:\\\/\\\/lodzwielukultur.pl\\\/#\\\/schema\\\/logo\\\/image\\\/\"}}]}<\/script>\n<!-- \/ Yoast SEO plugin. -->","yoast_head_json":{"title":"Being a Deaf Woman and an Artist | Deaf Culture Week | meeting - Festiwal","description":"\u201cBeing a Deaf Woman and an Artist\u201d is a discussion focused on the experiences of Deaf women who are actively involved in the arts and culture.","robots":{"index":"index","follow":"follow","max-snippet":"max-snippet:-1","max-image-preview":"max-image-preview:large","max-video-preview":"max-video-preview:-1"},"canonical":"https:\/\/lodzwielukultur.pl\/en\/wydarzenia\/being-a-deaf-woman-and-an-artist-deaf-culture-week-meeting\/","og_locale":"en_US","og_type":"article","og_title":"Being a Deaf Woman and an Artist | Deaf Culture Week | meeting - Festiwal","og_description":"\u201cBeing a Deaf Woman and an Artist\u201d is a discussion focused on the experiences of Deaf women who are actively involved in the arts and culture.","og_url":"https:\/\/lodzwielukultur.pl\/en\/wydarzenia\/being-a-deaf-woman-and-an-artist-deaf-culture-week-meeting\/","og_site_name":"Festiwal","og_image":[{"width":1080,"height":1080,"url":"https:\/\/lodzwielukultur.pl\/wp-content\/uploads\/2026\/08\/Kobiety_Artystki-1.jpg","type":"image\/jpeg"}],"twitter_card":"summary_large_image","twitter_misc":{"Est. reading time":"3 minutes"},"schema":{"@context":"https:\/\/schema.org","@graph":[{"@type":"WebPage","@id":"https:\/\/lodzwielukultur.pl\/en\/wydarzenia\/being-a-deaf-woman-and-an-artist-deaf-culture-week-meeting\/","url":"https:\/\/lodzwielukultur.pl\/en\/wydarzenia\/being-a-deaf-woman-and-an-artist-deaf-culture-week-meeting\/","name":"Being a Deaf Woman and an Artist | Deaf Culture Week | meeting - Festiwal","isPartOf":{"@id":"https:\/\/lodzwielukultur.pl\/#website"},"primaryImageOfPage":{"@id":"https:\/\/lodzwielukultur.pl\/en\/wydarzenia\/being-a-deaf-woman-and-an-artist-deaf-culture-week-meeting\/#primaryimage"},"image":{"@id":"https:\/\/lodzwielukultur.pl\/en\/wydarzenia\/being-a-deaf-woman-and-an-artist-deaf-culture-week-meeting\/#primaryimage"},"thumbnailUrl":"https:\/\/lodzwielukultur.pl\/wp-content\/uploads\/2026\/08\/Kobiety_Artystki-1.jpg","datePublished":"2026-09-01T16:49:23+00:00","description":"\u201cBeing a Deaf Woman and an Artist\u201d is a discussion focused on the experiences of Deaf women who are actively involved in the arts and culture.","breadcrumb":{"@id":"https:\/\/lodzwielukultur.pl\/en\/wydarzenia\/being-a-deaf-woman-and-an-artist-deaf-culture-week-meeting\/#breadcrumb"},"inLanguage":"en-US","potentialAction":[{"@type":"ReadAction","target":["https:\/\/lodzwielukultur.pl\/en\/wydarzenia\/being-a-deaf-woman-and-an-artist-deaf-culture-week-meeting\/"]}]},{"@type":"ImageObject","inLanguage":"en-US","@id":"https:\/\/lodzwielukultur.pl\/en\/wydarzenia\/being-a-deaf-woman-and-an-artist-deaf-culture-week-meeting\/#primaryimage","url":"https:\/\/lodzwielukultur.pl\/wp-content\/uploads\/2026\/08\/Kobiety_Artystki-1.jpg","contentUrl":"https:\/\/lodzwielukultur.pl\/wp-content\/uploads\/2026\/08\/Kobiety_Artystki-1.jpg","width":1080,"height":1080,"caption":"Portety trzech kobiet z etykiet\u0105 Tydzie\u0144 Kultury G\u0142uchych"},{"@type":"BreadcrumbList","@id":"https:\/\/lodzwielukultur.pl\/en\/wydarzenia\/being-a-deaf-woman-and-an-artist-deaf-culture-week-meeting\/#breadcrumb","itemListElement":[{"@type":"ListItem","position":1,"name":"Strona g\u0142\u00f3wna","item":"https:\/\/lodzwielukultur.pl\/en\/"},{"@type":"ListItem","position":2,"name":"Being a Deaf Woman and an Artist | Deaf Culture Week | meeting"}]},{"@type":"WebSite","@id":"https:\/\/lodzwielukultur.pl\/#website","url":"https:\/\/lodzwielukultur.pl\/","name":"Festiwal","description":"\u0141\u00f3d\u017a Wielu Kultur","publisher":{"@id":"https:\/\/lodzwielukultur.pl\/#organization"},"potentialAction":[{"@type":"SearchAction","target":{"@type":"EntryPoint","urlTemplate":"https:\/\/lodzwielukultur.pl\/?s={search_term_string}"},"query-input":{"@type":"PropertyValueSpecification","valueRequired":true,"valueName":"search_term_string"}}],"inLanguage":"en-US"},{"@type":"Organization","@id":"https:\/\/lodzwielukultur.pl\/#organization","name":"Festiwal","url":"https:\/\/lodzwielukultur.pl\/","logo":{"@type":"ImageObject","inLanguage":"en-US","@id":"https:\/\/lodzwielukultur.pl\/#\/schema\/logo\/image\/","url":"https:\/\/lodzwielukultur.pl\/wp-content\/uploads\/2024\/06\/logotype-1.svg","contentUrl":"https:\/\/lodzwielukultur.pl\/wp-content\/uploads\/2024\/06\/logotype-1.svg","width":"1024","height":"1024","caption":"Festiwal"},"image":{"@id":"https:\/\/lodzwielukultur.pl\/#\/schema\/logo\/image\/"}}]}},"_links":{"self":[{"href":"https:\/\/lodzwielukultur.pl\/en\/wp-json\/wp\/v2\/event\/4837","targetHints":{"allow":["GET"]}}],"collection":[{"href":"https:\/\/lodzwielukultur.pl\/en\/wp-json\/wp\/v2\/event"}],"about":[{"href":"https:\/\/lodzwielukultur.pl\/en\/wp-json\/wp\/v2\/types\/event"}],"wp:featuredmedia":[{"embeddable":true,"href":"https:\/\/lodzwielukultur.pl\/en\/wp-json\/wp\/v2\/media\/4770"}],"wp:attachment":[{"href":"https:\/\/lodzwielukultur.pl\/en\/wp-json\/wp\/v2\/media?parent=4837"}],"wp:term":[{"taxonomy":"category","embeddable":true,"href":"https:\/\/lodzwielukultur.pl\/en\/wp-json\/wp\/v2\/categories?post=4837"}],"curies":[{"name":"wp","href":"https:\/\/api.w.org\/{rel}","templated":true}]}}